{"id":139,"date":"2022-01-03T10:48:11","date_gmt":"2022-01-03T10:48:11","guid":{"rendered":"http:\/\/gestuet-auchtert.de\/?page_id=139"},"modified":"2026-04-12T06:39:05","modified_gmt":"2026-04-12T06:39:05","slug":"team","status":"publish","type":"page","link":"https:\/\/gestuet-auchtert.de\/?page_id=139","title":{"rendered":"Team"},"content":{"rendered":"\n<div class=\"wp-block-ps2id-block-target\" id=\"team\"><\/div>\n\n\n\n<div style=\"height:50px\" aria-hidden=\"true\" class=\"wp-block-spacer\"><\/div>\n\n\n<div class=\"wp-block-image is-resized\">\n<figure class=\"aligncenter size-full\"><img loading=\"lazy\" decoding=\"async\" width=\"839\" height=\"312\" src=\"http:\/\/gestuet-auchtert.de\/wp-content\/uploads\/2022\/01\/teamauchtert.png\" alt=\"\" class=\"wp-image-822\" style=\"width:350px\" srcset=\"https:\/\/gestuet-auchtert.de\/wp-content\/uploads\/2022\/01\/teamauchtert.png 839w, https:\/\/gestuet-auchtert.de\/wp-content\/uploads\/2022\/01\/teamauchtert-300x112.png 300w, https:\/\/gestuet-auchtert.de\/wp-content\/uploads\/2022\/01\/teamauchtert-768x286.png 768w\" sizes=\"auto, (max-width: 839px) 100vw, 839px\" \/><\/figure>\n<\/div>\n\n\n<div style=\"height:50px\" aria-hidden=\"true\" class=\"wp-block-spacer\"><\/div>\n\n\n\n<div class=\"wp-block-columns is-layout-flex wp-container-core-columns-is-layout-28f84493 wp-block-columns-is-layout-flex\">\n<div class=\"wp-block-column is-layout-flow wp-block-column-is-layout-flow\">\n<h2 data-wp-context---core-fit-text=\"core\/fit-text::{&quot;fontSize&quot;:&quot;&quot;}\" data-wp-init---core-fit-text=\"core\/fit-text::callbacks.init\" data-wp-interactive data-wp-style--font-size=\"core\/fit-text::context.fontSize\" class=\"wp-block-heading has-text-align-center has-fit-text\">Jens F\u00fcchtenschnieder<br><\/h2>\n\n\n\n<figure class=\"wp-block-image size-large\"><img loading=\"lazy\" decoding=\"async\" width=\"996\" height=\"1024\" src=\"http:\/\/gestuet-auchtert.de\/wp-content\/uploads\/2022\/01\/jens2-996x1024.png\" alt=\"\" class=\"wp-image-2004\" srcset=\"https:\/\/gestuet-auchtert.de\/wp-content\/uploads\/2022\/01\/jens2-996x1024.png 996w, https:\/\/gestuet-auchtert.de\/wp-content\/uploads\/2022\/01\/jens2-292x300.png 292w, https:\/\/gestuet-auchtert.de\/wp-content\/uploads\/2022\/01\/jens2-768x790.png 768w, https:\/\/gestuet-auchtert.de\/wp-content\/uploads\/2022\/01\/jens2-1140x1173.png 1140w, https:\/\/gestuet-auchtert.de\/wp-content\/uploads\/2022\/01\/jens2.png 1293w\" sizes=\"auto, (max-width: 996px) 100vw, 996px\" \/><\/figure>\n<\/div>\n\n\n\n<div class=\"wp-block-column is-layout-flow wp-block-column-is-layout-flow\">\n<p class=\"ticss-b7fa8283 has-medium-font-size\">Jens geht seiner Leidenschaft \u201ePferde\u201c schon seit seiner fr\u00fchsten Kindheit nach und sammelte Erfahrung mit unterschiedlichen Pferderassen und Reitweisen. Seit \u00fcber 30 Jahren ist er mit vielen verschiedenen Pferden im Sport und in der Zucht auf nationalen und internationalen Veranstaltungen erfolgreich.<br>Im WM-Team war bereits das erste Mal 1999 unterwegs, so folgten Teilnahmen 2005-2009. <br>Jens ist Mitglied des IPZV-Bundeskader.<\/p>\n\n\n\n<p class=\"ticss-cb832cee has-medium-font-size\">Seine Leidenschaft ist, neben dem Reiten nat\u00fcrlich, das Unterrichten von Pferd und Reiter. Sein Motto lautet: \u201eIch unterrichte jeden, der mit Leidenschaft unterrichtet werden will.\u201c Und so ist unser Motto: <\/p>\n\n\n\n<figure class=\"wp-block-image size-full\"><img loading=\"lazy\" decoding=\"async\" width=\"475\" height=\"146\" src=\"http:\/\/gestuet-auchtert.de\/wp-content\/uploads\/2022\/01\/leidenschaft.png\" alt=\"\" class=\"wp-image-557\" srcset=\"https:\/\/gestuet-auchtert.de\/wp-content\/uploads\/2022\/01\/leidenschaft.png 475w, https:\/\/gestuet-auchtert.de\/wp-content\/uploads\/2022\/01\/leidenschaft-300x92.png 300w\" sizes=\"auto, (max-width: 475px) 100vw, 475px\" \/><\/figure>\n\n\n\n<p class=\"ticss-374e8ddf has-medium-font-size\">Jens besitzt als einzige Person in Deutschland, alle Qualifikation in Bereich Ausbildung, Sportrichten sowie Zuchtrichten.<\/p>\n\n\n\n<div class=\"wp-block-pb-accordion-item c-accordion__item js-accordion-item no-js is-open\" data-initially-open=\"true\" data-click-to-close=\"true\" data-auto-close=\"true\" data-scroll=\"false\" data-scroll-offset=\"0\"><h4 id=\"at-1391\" class=\"c-accordion__title js-accordion-controller\" role=\"button\">Qualifikationen<\/h4><div id=\"ac-1391\" class=\"c-accordion__content\">\n<ul class=\"wp-block-list has-medium-font-size\">\n<li>Pferdewirtschaftsmeister<\/li>\n\n\n\n<li>IPZV-Ausbilder<\/li>\n\n\n\n<li>IPZV-Trainer-A<\/li>\n\n\n\n<li>Internationaler Sportrichter der FEIF<\/li>\n\n\n\n<li>IPZV-Sportrichter-A<\/li>\n\n\n\n<li>Internationaler und nationaler Zuchtrichter<\/li>\n\n\n\n<li>Materialrichter<\/li>\n\n\n\n<li>IPZV-API-Pr\u00fcfer<\/li>\n\n\n\n<li>Gaedingarkeppni Richter<\/li>\n\n\n\n<li>T\u00f6lt-in-Harmony Trainer<\/li>\n\n\n\n<li>T\u00f6lt-in-Harmony Richter<\/li>\n\n\n\n<li>IPZV Bundeskader Manager<\/li>\n<\/ul>\n<\/div><\/div>\n<\/div>\n<\/div>\n\n\n\n<hr class=\"wp-block-separator has-text-color has-css-opacity has-background is-style-wide\" style=\"background-color:#557a60;color:#557a60\"\/>\n\n\n\n<div style=\"height:50px\" aria-hidden=\"true\" class=\"wp-block-spacer\"><\/div>\n\n\n\n<div class=\"wp-block-columns is-layout-flex wp-container-core-columns-is-layout-28f84493 wp-block-columns-is-layout-flex\">\n<div class=\"wp-block-column is-layout-flow wp-block-column-is-layout-flow\">\n<h2 data-wp-context---core-fit-text=\"core\/fit-text::{&quot;fontSize&quot;:&quot;&quot;}\" data-wp-init---core-fit-text=\"core\/fit-text::callbacks.init\" data-wp-interactive data-wp-style--font-size=\"core\/fit-text::context.fontSize\" class=\"wp-block-heading has-text-align-center has-fit-text\">Isabelle F\u00fcchtenschnieder<\/h2>\n\n\n\n<figure class=\"wp-block-image size-large\"><img loading=\"lazy\" decoding=\"async\" width=\"996\" height=\"1024\" src=\"http:\/\/gestuet-auchtert.de\/wp-content\/uploads\/2022\/01\/isabelle2-996x1024.png\" alt=\"\" class=\"wp-image-2006\" srcset=\"https:\/\/gestuet-auchtert.de\/wp-content\/uploads\/2022\/01\/isabelle2-996x1024.png 996w, https:\/\/gestuet-auchtert.de\/wp-content\/uploads\/2022\/01\/isabelle2-292x300.png 292w, https:\/\/gestuet-auchtert.de\/wp-content\/uploads\/2022\/01\/isabelle2-768x790.png 768w, https:\/\/gestuet-auchtert.de\/wp-content\/uploads\/2022\/01\/isabelle2-1140x1173.png 1140w, https:\/\/gestuet-auchtert.de\/wp-content\/uploads\/2022\/01\/isabelle2.png 1293w\" sizes=\"auto, (max-width: 996px) 100vw, 996px\" \/><\/figure>\n<\/div>\n\n\n\n<div class=\"wp-block-column is-layout-flow wp-block-column-is-layout-flow\">\n<p class=\"ticss-57e8655d has-medium-font-size\">Isabelle studierte Medienmanagement in Stuttgart und arbeitet nach ihrem Abschluss hauptberuflich mit Pferden. Ihr Schwerpunkt liegt in der Ausbildung der Pferde sowie der Ausbildung der Reiter. Au\u00dferdem gibt sie Lehrg\u00e4nge am Hof sowie extern und k\u00fcmmert sich, neben dem gemeinsamen Sohn Lenny, um die Organisation rund um den Hof und die Einsteller.<\/p>\n\n\n\n<p class=\"ticss-312c7bb5 has-medium-font-size\">Seit 2020 darf Isabelle, als Pferdewirtschaftsmeister Spezialreitweisen neben IPZV-Kursen und allgemeinen Lehrg\u00e4ngen, auch Azubis ausbilden. Diese komplexe und vielschichtige Ausbildung hat sie als Jahrgangsbeste der Spezialreitweisen neben ihrer Schwangerschaft abgeschlossen.<\/p>\n\n\n\n<p class=\"ticss-42c52524 has-medium-font-size\">2014 wurde sie Deutscher Meister mit ihrem Konungur von der Kr\u00e4henweide im Passrennen 150 m.<\/p>\n\n\n\n<div class=\"wp-block-pb-accordion-item c-accordion__item js-accordion-item no-js is-open\" data-initially-open=\"true\" data-click-to-close=\"true\" data-auto-close=\"true\" data-scroll=\"false\" data-scroll-offset=\"0\"><h4 id=\"at-undefined\" class=\"c-accordion__title js-accordion-controller\" role=\"button\">Qualifikationen<\/h4><div id=\"ac-undefined\" class=\"c-accordion__content\">\n<p class=\"has-medium-font-size\"><strong>Pferdewirtschaftsmeister Spezialreitweisen<\/strong> Gangreiten mit \u201esehr gut\u201c<\/p>\n\n\n\n<ul class=\"wp-block-list\">\n<li class=\"has-medium-font-size\">Jahrgangsbeste 2019\/2020<\/li>\n\n\n\n<li class=\"has-medium-font-size\">Ursula-Bruns-Auszeichnung silber<\/li>\n<\/ul>\n\n\n\n<p class=\"has-medium-font-size\"><strong>Pferdewirt Gangreiten<\/strong> mit \u201esehr gut\u201c<\/p>\n\n\n\n<ul class=\"wp-block-list\">\n<li class=\"has-medium-font-size\">Jahrgangsbeste 2014<\/li>\n\n\n\n<li class=\"has-medium-font-size\">Ursula-Bruns-Auszeichnung bronze<\/li>\n<\/ul>\n\n\n\n<p class=\"has-medium-font-size\"><strong>IPZV Trainer A<\/strong><\/p>\n\n\n\n<ul class=\"wp-block-list\">\n<li class=\"has-medium-font-size\">Jahrgangsbeste 2014<\/li>\n\n\n\n<li class=\"has-medium-font-size\">IPZV Sleipnir Preis: Beste Trainer Pr\u00fcfung 2014<\/li>\n<\/ul>\n\n\n\n<p class=\"has-medium-font-size\"><strong>IPZV Jungpferdebereiter<br>IPZV Reitabzeichen Gold mit \u201esehr gut\u201c<br>IPZV Sportrichter C<br>IPZV API Pr\u00fcfer<br>T\u00f6lt-in-Harmony Trainer<\/strong><br><strong>IPZV Bereiter<\/strong><br><strong>IPZV Zuchtsachverst\u00e4ndiger<\/strong><\/p>\n\n\n\n<p class=\"has-medium-font-size\"><strong>Bachelor of Arts: Medienmanagement<\/strong><\/p>\n\n\n\n<ul class=\"wp-block-list\">\n<li class=\"has-medium-font-size\">Presidential Award: Jahrgangsbeste 2011<\/li>\n<\/ul>\n<\/div><\/div>\n\n\n\n<ul class=\"wp-block-list\"><\/ul>\n\n\n\n<ul class=\"wp-block-list\"><\/ul>\n<\/div>\n<\/div>\n\n\n\n<hr class=\"wp-block-separator has-text-color has-css-opacity has-background is-style-wide\" style=\"background-color:#557a60;color:#557a60\"\/>\n\n\n\n<div style=\"height:50px\" aria-hidden=\"true\" class=\"wp-block-spacer\"><\/div>\n\n\n\n<div class=\"wp-block-columns is-layout-flex wp-container-core-columns-is-layout-28f84493 wp-block-columns-is-layout-flex\">\n<div class=\"wp-block-column is-layout-flow wp-block-column-is-layout-flow\">\n<h2 data-wp-context---core-fit-text=\"core\/fit-text::{&quot;fontSize&quot;:&quot;&quot;}\" data-wp-init---core-fit-text=\"core\/fit-text::callbacks.init\" data-wp-interactive data-wp-style--font-size=\"core\/fit-text::context.fontSize\" class=\"wp-block-heading has-text-align-center wp-block-themeisle-blocks-advanced-heading wp-block-themeisle-blocks-advanced-heading-8150dfdc has-fit-text\" id=\"wp-block-themeisle-blocks-advanced-heading-8150dfdc\">Rica Zschorsch<\/h2>\n\n\n\n<figure class=\"wp-block-image size-large\"><img loading=\"lazy\" decoding=\"async\" width=\"996\" height=\"1024\" src=\"http:\/\/gestuet-auchtert.de\/wp-content\/uploads\/2022\/01\/rica2-996x1024.png\" alt=\"\" class=\"wp-image-2007\" srcset=\"https:\/\/gestuet-auchtert.de\/wp-content\/uploads\/2022\/01\/rica2-996x1024.png 996w, https:\/\/gestuet-auchtert.de\/wp-content\/uploads\/2022\/01\/rica2-292x300.png 292w, https:\/\/gestuet-auchtert.de\/wp-content\/uploads\/2022\/01\/rica2-768x790.png 768w, https:\/\/gestuet-auchtert.de\/wp-content\/uploads\/2022\/01\/rica2-1140x1173.png 1140w, https:\/\/gestuet-auchtert.de\/wp-content\/uploads\/2022\/01\/rica2.png 1293w\" sizes=\"auto, (max-width: 996px) 100vw, 996px\" \/><\/figure>\n<\/div>\n\n\n\n<div class=\"wp-block-column is-layout-flow wp-block-column-is-layout-flow\">\n<p class=\"ticss-be0060f1 has-medium-font-size\">Rica arbeitet bei uns auf dem Gest\u00fct Auchtert seit Oktober 2019 und ist aus unserem Team nicht mehr weg zu denken. Sowohl den erfolgreichen Abschluss des Jungpferdebereites wie auch den Trainer C und das Reitabzeichen Gold hat Rica auf dem Gest\u00fct Auchtert mit \u201esehr gut\u201c bestanden.<\/p>\n\n\n\n<p class=\"ticss-cadadf7c has-medium-font-size\">Sie ist schwerpunktm\u00e4\u00dfig f\u00fcr die Ausbildung von Jungpferden sowie das Training von Beritt- und Verkaufspferden und Unterricht verantwortlich. Au\u00dferdem ist sie in alle Bereiche des Hoflebens mit einbezogen und beh\u00e4lt den \u00dcberblick.<\/p>\n\n\n\n<div class=\"wp-block-pb-accordion-item c-accordion__item js-accordion-item no-js is-open\" data-initially-open=\"true\" data-click-to-close=\"true\" data-auto-close=\"true\" data-scroll=\"false\" data-scroll-offset=\"0\"><h4 id=\"at-1392\" class=\"c-accordion__title js-accordion-controller\" role=\"button\">Qualifikationen<\/h4><div id=\"ac-1392\" class=\"c-accordion__content\">\n<ul class=\"wp-block-list has-medium-font-size\">\n<li>IPZV Trainer B<\/li>\n\n\n\n<li>IPZV Jungpferdebereiter<\/li>\n\n\n\n<li>IPZV Reitabzeichen Gold<\/li>\n\n\n\n<li>Pferdewirt Gangreiten<\/li>\n\n\n\n<li>Landschaftsarchitekt Bachelor of Engineering<\/li>\n<\/ul>\n<\/div><\/div>\n<\/div>\n<\/div>\n\n\n\n<hr class=\"wp-block-separator has-text-color has-css-opacity has-background is-style-wide\" style=\"background-color:#557a60;color:#557a60\"\/>\n\n\n\n<div style=\"height:50px\" aria-hidden=\"true\" class=\"wp-block-spacer\"><\/div>\n\n\n\n<div class=\"wp-block-columns is-layout-flex wp-container-core-columns-is-layout-28f84493 wp-block-columns-is-layout-flex\">\n<div class=\"wp-block-column is-layout-flow wp-block-column-is-layout-flow\">\n<h2 class=\"wp-block-heading has-text-align-center wp-block-themeisle-blocks-advanced-heading wp-block-themeisle-blocks-advanced-heading-33b53966\" id=\"wp-block-themeisle-blocks-advanced-heading-33b53966\">Lenny F\u00fcchtenschnieder<\/h2>\n\n\n\n<figure class=\"wp-block-image size-large\"><img loading=\"lazy\" decoding=\"async\" width=\"996\" height=\"1024\" src=\"http:\/\/gestuet-auchtert.de\/wp-content\/uploads\/2022\/01\/lenny3-996x1024.png\" alt=\"\" class=\"wp-image-2008\" srcset=\"https:\/\/gestuet-auchtert.de\/wp-content\/uploads\/2022\/01\/lenny3-996x1024.png 996w, https:\/\/gestuet-auchtert.de\/wp-content\/uploads\/2022\/01\/lenny3-292x300.png 292w, https:\/\/gestuet-auchtert.de\/wp-content\/uploads\/2022\/01\/lenny3-768x790.png 768w, https:\/\/gestuet-auchtert.de\/wp-content\/uploads\/2022\/01\/lenny3-1140x1173.png 1140w, https:\/\/gestuet-auchtert.de\/wp-content\/uploads\/2022\/01\/lenny3.png 1293w\" sizes=\"auto, (max-width: 996px) 100vw, 996px\" \/><\/figure>\n\n\n\n<p class=\"ticss-001d8054 has-medium-font-size\">Lenny ist der eigentliche Chef vom Gest\u00fct Auchtert. Sein Pferd ist der Weltmeister im F\u00fcnfgang von 2009, Tindur fr\u00e1 Varmalaek. Er reitet sehr gerne schnell, am liebsten dann Mama\u00b4s Gandi, Tango oder Papa\u00b4s Sproti.<br>Und mit seinem kleinen John Deere hilft er flei\u00dfig den Hof sauber zu halten.<\/p>\n<\/div>\n\n\n\n<div class=\"wp-block-column is-layout-flow wp-block-column-is-layout-flow\">\n<h2 class=\"wp-block-heading has-text-align-center wp-block-themeisle-blocks-advanced-heading wp-block-themeisle-blocks-advanced-heading-a9f0bafd\" id=\"wp-block-themeisle-blocks-advanced-heading-a9f0bafd\">Sophia<\/h2>\n\n\n\n<figure class=\"wp-block-image size-large\"><img loading=\"lazy\" decoding=\"async\" width=\"996\" height=\"1024\" src=\"https:\/\/gestuet-auchtert.de\/wp-content\/uploads\/2024\/12\/sophia-996x1024.png\" alt=\"\" class=\"wp-image-2623\" srcset=\"https:\/\/gestuet-auchtert.de\/wp-content\/uploads\/2024\/12\/sophia-996x1024.png 996w, https:\/\/gestuet-auchtert.de\/wp-content\/uploads\/2024\/12\/sophia-292x300.png 292w, https:\/\/gestuet-auchtert.de\/wp-content\/uploads\/2024\/12\/sophia-768x790.png 768w, https:\/\/gestuet-auchtert.de\/wp-content\/uploads\/2024\/12\/sophia-1140x1173.png 1140w, https:\/\/gestuet-auchtert.de\/wp-content\/uploads\/2024\/12\/sophia.png 1293w\" sizes=\"auto, (max-width: 996px) 100vw, 996px\" \/><\/figure>\n\n\n\n<p class=\"ticss-68f5a843 has-medium-font-size\">Sophia bereichert unser Team seit 2022. Sie unterst\u00fctzt uns tatkr\u00e4ftig bei der t\u00e4glichen Versorgung der Pferde.<\/p>\n<\/div>\n<\/div>\n\n\n\n<hr class=\"wp-block-separator has-text-color has-css-opacity has-background is-style-wide\" style=\"background-color:#557a60;color:#557a60\"\/>\n\n\n\n<div style=\"height:50px\" aria-hidden=\"true\" class=\"wp-block-spacer\"><\/div>\n\n\n\n<div class=\"wp-block-columns is-layout-flex wp-container-core-columns-is-layout-28f84493 wp-block-columns-is-layout-flex\">\n<div class=\"wp-block-column is-layout-flow wp-block-column-is-layout-flow\">\n<h2 class=\"wp-block-heading has-text-align-center wp-block-themeisle-blocks-advanced-heading wp-block-themeisle-blocks-advanced-heading-bc41df53\" id=\"wp-block-themeisle-blocks-advanced-heading-bc41df53\">Pauline &amp; Emmy<\/h2>\n\n\n\n<div class=\"wp-block-columns is-layout-flex wp-container-core-columns-is-layout-28f84493 wp-block-columns-is-layout-flex\">\n<div class=\"wp-block-column is-layout-flow wp-block-column-is-layout-flow\">\n<figure class=\"wp-block-image size-large\"><img loading=\"lazy\" decoding=\"async\" width=\"996\" height=\"1024\" src=\"http:\/\/gestuet-auchtert.de\/wp-content\/uploads\/2022\/01\/pauline2-1-996x1024.png\" alt=\"\" class=\"wp-image-2013\" srcset=\"https:\/\/gestuet-auchtert.de\/wp-content\/uploads\/2022\/01\/pauline2-1-996x1024.png 996w, https:\/\/gestuet-auchtert.de\/wp-content\/uploads\/2022\/01\/pauline2-1-292x300.png 292w, https:\/\/gestuet-auchtert.de\/wp-content\/uploads\/2022\/01\/pauline2-1-768x790.png 768w, https:\/\/gestuet-auchtert.de\/wp-content\/uploads\/2022\/01\/pauline2-1-1140x1173.png 1140w, https:\/\/gestuet-auchtert.de\/wp-content\/uploads\/2022\/01\/pauline2-1.png 1293w\" sizes=\"auto, (max-width: 996px) 100vw, 996px\" \/><\/figure>\n<\/div>\n\n\n\n<div class=\"wp-block-column is-layout-flow wp-block-column-is-layout-flow\">\n<figure class=\"wp-block-image size-large\"><img loading=\"lazy\" decoding=\"async\" width=\"996\" height=\"1024\" src=\"https:\/\/gestuet-auchtert.de\/wp-content\/uploads\/2024\/01\/emmy-996x1024.png\" alt=\"\" class=\"wp-image-2513\" srcset=\"https:\/\/gestuet-auchtert.de\/wp-content\/uploads\/2024\/01\/emmy-996x1024.png 996w, https:\/\/gestuet-auchtert.de\/wp-content\/uploads\/2024\/01\/emmy-292x300.png 292w, https:\/\/gestuet-auchtert.de\/wp-content\/uploads\/2024\/01\/emmy-768x790.png 768w, https:\/\/gestuet-auchtert.de\/wp-content\/uploads\/2024\/01\/emmy-1140x1173.png 1140w, https:\/\/gestuet-auchtert.de\/wp-content\/uploads\/2024\/01\/emmy.png 1293w\" sizes=\"auto, (max-width: 996px) 100vw, 996px\" \/><\/figure>\n<\/div>\n<\/div>\n\n\n\n<h3 class=\"wp-block-heading has-text-align-center wp-block-themeisle-blocks-advanced-heading wp-block-themeisle-blocks-advanced-heading-ecdfdf81\" id=\"wp-block-themeisle-blocks-advanced-heading-ecdfdf81\">Benny wir vermissen dich unendlich!<br>&#8211; Mai 2022 &#8211;<\/h3>\n\n\n\n<figure class=\"wp-block-image size-large\"><img loading=\"lazy\" decoding=\"async\" width=\"996\" height=\"1024\" src=\"https:\/\/gestuet-auchtert.de\/wp-content\/uploads\/2022\/01\/benny2-996x1024.png\" alt=\"\" class=\"wp-image-2012\" srcset=\"https:\/\/gestuet-auchtert.de\/wp-content\/uploads\/2022\/01\/benny2-996x1024.png 996w, https:\/\/gestuet-auchtert.de\/wp-content\/uploads\/2022\/01\/benny2-292x300.png 292w, https:\/\/gestuet-auchtert.de\/wp-content\/uploads\/2022\/01\/benny2-768x790.png 768w, https:\/\/gestuet-auchtert.de\/wp-content\/uploads\/2022\/01\/benny2-1140x1173.png 1140w, https:\/\/gestuet-auchtert.de\/wp-content\/uploads\/2022\/01\/benny2.png 1293w\" sizes=\"auto, (max-width: 996px) 100vw, 996px\" \/><\/figure>\n<\/div>\n\n\n\n<div class=\"wp-block-column is-layout-flow wp-block-column-is-layout-flow\">\n<h2 class=\"wp-block-heading has-text-align-center wp-block-themeisle-blocks-advanced-heading wp-block-themeisle-blocks-advanced-heading-6c5b8a28\" id=\"wp-block-themeisle-blocks-advanced-heading-6c5b8a28\">Hildegard &amp; Gisela<\/h2>\n\n\n\n<div class=\"wp-block-columns is-layout-flex wp-container-core-columns-is-layout-28f84493 wp-block-columns-is-layout-flex\">\n<div class=\"wp-block-column is-layout-flow wp-block-column-is-layout-flow\">\n<figure class=\"wp-block-image size-large\"><img loading=\"lazy\" decoding=\"async\" width=\"996\" height=\"1024\" src=\"http:\/\/gestuet-auchtert.de\/wp-content\/uploads\/2022\/02\/hildegard-996x1024.png\" alt=\"\" class=\"wp-image-2253\" srcset=\"https:\/\/gestuet-auchtert.de\/wp-content\/uploads\/2022\/02\/hildegard-996x1024.png 996w, https:\/\/gestuet-auchtert.de\/wp-content\/uploads\/2022\/02\/hildegard-292x300.png 292w, https:\/\/gestuet-auchtert.de\/wp-content\/uploads\/2022\/02\/hildegard-768x790.png 768w, https:\/\/gestuet-auchtert.de\/wp-content\/uploads\/2022\/02\/hildegard-1140x1173.png 1140w, https:\/\/gestuet-auchtert.de\/wp-content\/uploads\/2022\/02\/hildegard.png 1293w\" sizes=\"auto, (max-width: 996px) 100vw, 996px\" \/><\/figure>\n<\/div>\n\n\n\n<div class=\"wp-block-column is-layout-flow wp-block-column-is-layout-flow\">\n<figure class=\"wp-block-image size-large\"><img loading=\"lazy\" decoding=\"async\" width=\"996\" height=\"1024\" src=\"https:\/\/gestuet-auchtert.de\/wp-content\/uploads\/2024\/12\/gisela-996x1024.png\" alt=\"\" class=\"wp-image-2642\" srcset=\"https:\/\/gestuet-auchtert.de\/wp-content\/uploads\/2024\/12\/gisela-996x1024.png 996w, https:\/\/gestuet-auchtert.de\/wp-content\/uploads\/2024\/12\/gisela-292x300.png 292w, https:\/\/gestuet-auchtert.de\/wp-content\/uploads\/2024\/12\/gisela-768x790.png 768w, https:\/\/gestuet-auchtert.de\/wp-content\/uploads\/2024\/12\/gisela-1140x1173.png 1140w, https:\/\/gestuet-auchtert.de\/wp-content\/uploads\/2024\/12\/gisela.png 1293w\" sizes=\"auto, (max-width: 996px) 100vw, 996px\" \/><\/figure>\n<\/div>\n<\/div>\n\n\n\n<h2 class=\"wp-block-heading has-text-align-center wp-block-themeisle-blocks-advanced-heading wp-block-themeisle-blocks-advanced-heading-10418c54\" id=\"wp-block-themeisle-blocks-advanced-heading-10418c54\">Liselotte &amp; Eddy<\/h2>\n\n\n\n<div class=\"wp-block-columns is-layout-flex wp-container-core-columns-is-layout-28f84493 wp-block-columns-is-layout-flex\">\n<div class=\"wp-block-column is-layout-flow wp-block-column-is-layout-flow\">\n<figure class=\"wp-block-image size-large\"><img loading=\"lazy\" decoding=\"async\" width=\"996\" height=\"1024\" src=\"https:\/\/gestuet-auchtert.de\/wp-content\/uploads\/2024\/12\/liselotte-996x1024.png\" alt=\"\" class=\"wp-image-2638\" srcset=\"https:\/\/gestuet-auchtert.de\/wp-content\/uploads\/2024\/12\/liselotte-996x1024.png 996w, https:\/\/gestuet-auchtert.de\/wp-content\/uploads\/2024\/12\/liselotte-292x300.png 292w, https:\/\/gestuet-auchtert.de\/wp-content\/uploads\/2024\/12\/liselotte-768x790.png 768w, https:\/\/gestuet-auchtert.de\/wp-content\/uploads\/2024\/12\/liselotte-1140x1173.png 1140w, https:\/\/gestuet-auchtert.de\/wp-content\/uploads\/2024\/12\/liselotte.png 1293w\" sizes=\"auto, (max-width: 996px) 100vw, 996px\" \/><\/figure>\n<\/div>\n\n\n\n<div class=\"wp-block-column is-layout-flow wp-block-column-is-layout-flow\">\n<figure class=\"wp-block-image size-large\"><img loading=\"lazy\" decoding=\"async\" width=\"996\" height=\"1024\" src=\"https:\/\/gestuet-auchtert.de\/wp-content\/uploads\/2024\/12\/eddy-996x1024.png\" alt=\"\" class=\"wp-image-2641\" srcset=\"https:\/\/gestuet-auchtert.de\/wp-content\/uploads\/2024\/12\/eddy-996x1024.png 996w, https:\/\/gestuet-auchtert.de\/wp-content\/uploads\/2024\/12\/eddy-292x300.png 292w, https:\/\/gestuet-auchtert.de\/wp-content\/uploads\/2024\/12\/eddy-768x790.png 768w, https:\/\/gestuet-auchtert.de\/wp-content\/uploads\/2024\/12\/eddy-1140x1173.png 1140w, https:\/\/gestuet-auchtert.de\/wp-content\/uploads\/2024\/12\/eddy.png 1293w\" sizes=\"auto, (max-width: 996px) 100vw, 996px\" \/><\/figure>\n<\/div>\n<\/div>\n<\/div>\n<\/div>\n\n\n\n<hr class=\"wp-block-separator has-text-color has-css-opacity has-background is-style-wide\" style=\"background-color:#557a60;color:#557a60\"\/>\n\n\n\n<div style=\"height:25px\" aria-hidden=\"true\" class=\"wp-block-spacer\"><\/div>\n\n\n\n<h2 class=\"wp-block-heading has-text-align-center wp-block-themeisle-blocks-advanced-heading wp-block-themeisle-blocks-advanced-heading-0086d7d2\" id=\"wp-block-themeisle-blocks-advanced-heading-0086d7d2\"><strong>Ehemalige Auszubildende<\/strong><\/h2>\n\n\n\n<div style=\"height:25px\" aria-hidden=\"true\" class=\"wp-block-spacer\"><\/div>\n\n\n\n<div class=\"wp-block-columns is-layout-flex wp-container-core-columns-is-layout-28f84493 wp-block-columns-is-layout-flex\">\n<div class=\"wp-block-column is-layout-flow wp-block-column-is-layout-flow\">\n<h2 class=\"wp-block-heading has-text-align-center wp-block-themeisle-blocks-advanced-heading wp-block-themeisle-blocks-advanced-heading-35409908\" id=\"wp-block-themeisle-blocks-advanced-heading-35409908\">Ronja Wurst<\/h2>\n\n\n\n<figure class=\"wp-block-image size-large\"><img loading=\"lazy\" decoding=\"async\" width=\"996\" height=\"1024\" src=\"http:\/\/gestuet-auchtert.de\/wp-content\/uploads\/2022\/01\/ronja2-996x1024.png\" alt=\"\" class=\"wp-image-2009\" srcset=\"https:\/\/gestuet-auchtert.de\/wp-content\/uploads\/2022\/01\/ronja2-996x1024.png 996w, https:\/\/gestuet-auchtert.de\/wp-content\/uploads\/2022\/01\/ronja2-292x300.png 292w, https:\/\/gestuet-auchtert.de\/wp-content\/uploads\/2022\/01\/ronja2-768x790.png 768w, https:\/\/gestuet-auchtert.de\/wp-content\/uploads\/2022\/01\/ronja2-1140x1173.png 1140w, https:\/\/gestuet-auchtert.de\/wp-content\/uploads\/2022\/01\/ronja2.png 1293w\" sizes=\"auto, (max-width: 996px) 100vw, 996px\" \/><\/figure>\n\n\n\n<p class=\"ticss-160f6c42 has-medium-font-size\">Ronja ist im #teamauchtert seit Dezember 2021 und absolviert auf unserem Gest\u00fct ihre Ausbildung zum Pferdewirt mit Schwerpunkt \u201eGangreiten\u201c.<br>Au\u00dferdem ist Ronja sehr engagiert in der Freiheitsdressur und tritt in verschiedene Shows auf. (Islandpferdefestival Zweibr\u00fccken, DJIM, etc.<br>Ronja hat im Juli 2023 erfolgreich die Abschlusspr\u00fcfung zur Pferdewirtin Gangreiten bestanden. Wir sind sehr stolz auf Sie und w\u00fcnschen ihr f\u00fcr die Zukunft nur das Beste!<\/p>\n\n\n\n<h3 class=\"wp-block-heading ticss-0dca2846 has-text-color\" id=\"qualifikation\" style=\"color:#557a60\">Qualifikation:<\/h3>\n\n\n\n<p style=\"font-size:25px\">Pferdewirt Gangreiten<br>Reitabzeichen Silber<\/p>\n<\/div>\n\n\n\n<div class=\"wp-block-column is-layout-flow wp-block-column-is-layout-flow\">\n<h2 class=\"wp-block-heading has-text-align-center wp-block-themeisle-blocks-advanced-heading wp-block-themeisle-blocks-advanced-heading-be0af810\" id=\"wp-block-themeisle-blocks-advanced-heading-be0af810\">Ronja Heinlein<\/h2>\n\n\n\n<figure class=\"wp-block-image size-large\"><img loading=\"lazy\" decoding=\"async\" width=\"996\" height=\"1024\" src=\"https:\/\/gestuet-auchtert.de\/wp-content\/uploads\/2024\/01\/ronjah-996x1024.png\" alt=\"\" class=\"wp-image-2540\" srcset=\"https:\/\/gestuet-auchtert.de\/wp-content\/uploads\/2024\/01\/ronjah-996x1024.png 996w, https:\/\/gestuet-auchtert.de\/wp-content\/uploads\/2024\/01\/ronjah-292x300.png 292w, https:\/\/gestuet-auchtert.de\/wp-content\/uploads\/2024\/01\/ronjah-768x790.png 768w, https:\/\/gestuet-auchtert.de\/wp-content\/uploads\/2024\/01\/ronjah-1140x1173.png 1140w, https:\/\/gestuet-auchtert.de\/wp-content\/uploads\/2024\/01\/ronjah.png 1293w\" sizes=\"auto, (max-width: 996px) 100vw, 996px\" \/><\/figure>\n\n\n\n<p class=\"ticss-68f5a843 has-medium-font-size\">Ronja hat im Jahr 2025 erfolgreich als Jahrgangsbeste ihren Pferdewirt abgeschlossen und direkt im Anschluss ihren Jungpferdebereiter absolviert. Auch diesen hat sie erfolgreich im Dezember 2025 abgeschlossen.<br>Wir w\u00fcnschen ihr auf ihrer Weltreise alles Gute.<\/p>\n<\/div>\n<\/div>\n","protected":false},"excerpt":{"rendered":"<p>Jens F\u00fcchtenschnieder Jens geht seiner Leidenschaft \u201ePferde\u201c schon seit seiner fr\u00fchsten Kindheit nach und sammelte Erfahrung mit unterschiedlichen Pferderassen und Reitweisen. Seit \u00fcber 30 Jahren ist er mit vielen verschiedenen Pferden im Sport und in der Zucht auf nationalen und internationalen Veranstaltungen erfolgreich.Im WM-Team war bereits das erste Mal 1999 unterwegs, so folgten Teilnahmen 2005-2009. Jens ist Mitglied des IPZV-Bundeskader. Seine Leidenschaft ist, neben dem Reiten nat\u00fcrlich, das Unterrichten von Pferd und Reiter. Sein Motto lautet: \u201eIch unterrichte jeden, der mit Leidenschaft unterrichtet werden will.\u201c Und so ist unser Motto: Jens besitzt als einzige Person in Deutschland, alle Qualifikation in Bereich Ausbildung, Sportrichten sowie Zuchtrichten. Isabelle F\u00fcchtenschnieder Isabelle studierte Medienmanagement in Stuttgart und arbeitet nach ihrem Abschluss hauptberuflich mit Pferden. Ihr Schwerpunkt liegt in der Ausbildung der Pferde sowie der Ausbildung der Reiter. Au\u00dferdem gibt sie Lehrg\u00e4nge am Hof sowie extern und k\u00fcmmert sich, neben dem gemeinsamen Sohn Lenny, um die Organisation rund um den Hof und die Einsteller. Seit 2020 darf Isabelle, als Pferdewirtschaftsmeister Spezialreitweisen neben IPZV-Kursen und allgemeinen Lehrg\u00e4ngen, auch Azubis ausbilden. Diese komplexe und vielschichtige Ausbildung hat sie als Jahrgangsbeste der Spezialreitweisen neben ihrer Schwangerschaft abgeschlossen. 2014 wurde sie Deutscher Meister mit ihrem Konungur von der Kr\u00e4henweide im Passrennen 150 m. Rica Zschorsch Rica arbeitet bei uns auf dem Gest\u00fct Auchtert seit Oktober 2019 und ist aus unserem Team nicht mehr weg zu denken. Sowohl den erfolgreichen Abschluss des Jungpferdebereites wie auch den Trainer C und das Reitabzeichen Gold hat Rica auf dem Gest\u00fct Auchtert mit \u201esehr gut\u201c bestanden. Sie ist schwerpunktm\u00e4\u00dfig f\u00fcr die Ausbildung von Jungpferden sowie das Training von Beritt- und Verkaufspferden und Unterricht verantwortlich. Au\u00dferdem ist sie in alle Bereiche des Hoflebens mit einbezogen und beh\u00e4lt den \u00dcberblick. Lenny F\u00fcchtenschnieder Lenny ist der eigentliche Chef vom Gest\u00fct Auchtert. Sein Pferd ist der Weltmeister im F\u00fcnfgang von 2009, Tindur fr\u00e1 Varmalaek. Er reitet sehr gerne schnell, am liebsten dann Mama\u00b4s Gandi, Tango oder Papa\u00b4s Sproti.Und mit seinem kleinen John Deere hilft er flei\u00dfig den Hof sauber zu halten. Sophia Sophia bereichert unser Team seit 2022. Sie unterst\u00fctzt uns tatkr\u00e4ftig bei der t\u00e4glichen Versorgung der Pferde. Pauline &amp; Emmy Benny wir vermissen dich unendlich!&#8211; Mai 2022 &#8211; Hildegard &amp; Gisela Liselotte &amp; Eddy Ehemalige Auszubildende Ronja Wurst Ronja ist im #teamauchtert seit Dezember 2021 und absolviert auf unserem Gest\u00fct ihre Ausbildung zum Pferdewirt mit Schwerpunkt \u201eGangreiten\u201c.Au\u00dferdem ist Ronja sehr engagiert in der Freiheitsdressur und tritt in verschiedene Shows auf. (Islandpferdefestival Zweibr\u00fccken, DJIM, etc.Ronja hat im Juli 2023 erfolgreich die Abschlusspr\u00fcfung zur Pferdewirtin Gangreiten bestanden. Wir sind sehr stolz auf Sie und w\u00fcnschen ihr f\u00fcr die Zukunft nur das Beste! Qualifikation: Pferdewirt GangreitenReitabzeichen Silber Ronja Heinlein Ronja hat im Jahr 2025 erfolgreich als Jahrgangsbeste ihren Pferdewirt abgeschlossen und direkt im Anschluss ihren Jungpferdebereiter absolviert. Auch diesen hat sie erfolgreich im Dezember 2025 abgeschlossen.Wir w\u00fcnschen ihr auf ihrer Weltreise alles Gute.<\/p>\n","protected":false},"author":2,"featured_media":0,"parent":0,"menu_order":0,"comment_status":"closed","ping_status":"closed","template":"","meta":{"_mc_calendar":[],"footnotes":""},"class_list":["post-139","page","type-page","status-publish","hentry"],"yoast_head":"<!-- This site is optimized with the Yoast SEO plugin v27.5 - https:\/\/yoast.com\/product\/yoast-seo-wordpress\/ -->\n<title>Team<\/title>\n<meta name=\"description\" content=\"Das Team vom Gest\u00fct Auchtert stellt sich vor.\" \/>\n<meta name=\"robots\" content=\"index, follow, max-snippet:-1, max-image-preview:large, max-video-preview:-1\" \/>\n<link rel=\"canonical\" href=\"https:\/\/gestuet-auchtert.de\/?page_id=139\" \/>\n<meta property=\"og:locale\" content=\"de_DE\" \/>\n<meta property=\"og:type\" content=\"article\" \/>\n<meta property=\"og:title\" content=\"Team\" \/>\n<meta property=\"og:description\" content=\"Das Team vom Gest\u00fct Auchtert stellt sich vor.\" \/>\n<meta property=\"og:url\" content=\"https:\/\/gestuet-auchtert.de\/?page_id=139\" \/>\n<meta property=\"article:publisher\" content=\"https:\/\/www.facebook.com\/hestarkeppni\" \/>\n<meta property=\"article:modified_time\" content=\"2026-04-12T06:39:05+00:00\" \/>\n<meta property=\"og:image\" content=\"https:\/\/gestuet-auchtert.de\/wp-content\/uploads\/2022\/01\/teamauchtert.png\" \/>\n\t<meta property=\"og:image:width\" content=\"839\" \/>\n\t<meta property=\"og:image:height\" content=\"312\" \/>\n\t<meta property=\"og:image:type\" content=\"image\/png\" \/>\n<meta name=\"twitter:card\" content=\"summary_large_image\" \/>\n<meta name=\"twitter:label1\" content=\"Gesch\u00e4tzte Lesezeit\" \/>\n\t<meta name=\"twitter:data1\" content=\"7\u00a0Minuten\" \/>\n<script type=\"application\/ld+json\" class=\"yoast-schema-graph\">{\"@context\":\"https:\\\/\\\/schema.org\",\"@graph\":[{\"@type\":\"WebPage\",\"@id\":\"https:\\\/\\\/gestuet-auchtert.de\\\/?page_id=139\",\"url\":\"https:\\\/\\\/gestuet-auchtert.de\\\/?page_id=139\",\"name\":\"Team\",\"isPartOf\":{\"@id\":\"https:\\\/\\\/gestuet-auchtert.de\\\/#website\"},\"primaryImageOfPage\":{\"@id\":\"https:\\\/\\\/gestuet-auchtert.de\\\/?page_id=139#primaryimage\"},\"image\":{\"@id\":\"https:\\\/\\\/gestuet-auchtert.de\\\/?page_id=139#primaryimage\"},\"thumbnailUrl\":\"http:\\\/\\\/gestuet-auchtert.de\\\/wp-content\\\/uploads\\\/2022\\\/01\\\/teamauchtert.png\",\"datePublished\":\"2022-01-03T10:48:11+00:00\",\"dateModified\":\"2026-04-12T06:39:05+00:00\",\"description\":\"Das Team vom Gest\u00fct Auchtert stellt sich vor.\",\"breadcrumb\":{\"@id\":\"https:\\\/\\\/gestuet-auchtert.de\\\/?page_id=139#breadcrumb\"},\"inLanguage\":\"de\",\"potentialAction\":[{\"@type\":\"ReadAction\",\"target\":[\"https:\\\/\\\/gestuet-auchtert.de\\\/?page_id=139\"]}]},{\"@type\":\"ImageObject\",\"inLanguage\":\"de\",\"@id\":\"https:\\\/\\\/gestuet-auchtert.de\\\/?page_id=139#primaryimage\",\"url\":\"https:\\\/\\\/gestuet-auchtert.de\\\/wp-content\\\/uploads\\\/2022\\\/01\\\/teamauchtert.png\",\"contentUrl\":\"https:\\\/\\\/gestuet-auchtert.de\\\/wp-content\\\/uploads\\\/2022\\\/01\\\/teamauchtert.png\",\"width\":839,\"height\":312},{\"@type\":\"BreadcrumbList\",\"@id\":\"https:\\\/\\\/gestuet-auchtert.de\\\/?page_id=139#breadcrumb\",\"itemListElement\":[{\"@type\":\"ListItem\",\"position\":1,\"name\":\"Startseite\",\"item\":\"https:\\\/\\\/gestuet-auchtert.de\\\/\"},{\"@type\":\"ListItem\",\"position\":2,\"name\":\"Team\"}]},{\"@type\":\"WebSite\",\"@id\":\"https:\\\/\\\/gestuet-auchtert.de\\\/#website\",\"url\":\"https:\\\/\\\/gestuet-auchtert.de\\\/\",\"name\":\"Islandpferdegest\u00fct Auchtert\",\"description\":\"\",\"publisher\":{\"@id\":\"https:\\\/\\\/gestuet-auchtert.de\\\/#organization\"},\"alternateName\":\"Gest\u00fct Auchtert\",\"potentialAction\":[{\"@type\":\"SearchAction\",\"target\":{\"@type\":\"EntryPoint\",\"urlTemplate\":\"https:\\\/\\\/gestuet-auchtert.de\\\/?s={search_term_string}\"},\"query-input\":{\"@type\":\"PropertyValueSpecification\",\"valueRequired\":true,\"valueName\":\"search_term_string\"}}],\"inLanguage\":\"de\"},{\"@type\":\"Organization\",\"@id\":\"https:\\\/\\\/gestuet-auchtert.de\\\/#organization\",\"name\":\"Gest\u00fct Auchtert\",\"url\":\"https:\\\/\\\/gestuet-auchtert.de\\\/\",\"logo\":{\"@type\":\"ImageObject\",\"inLanguage\":\"de\",\"@id\":\"https:\\\/\\\/gestuet-auchtert.de\\\/#\\\/schema\\\/logo\\\/image\\\/\",\"url\":\"https:\\\/\\\/gestuet-auchtert.de\\\/wp-content\\\/uploads\\\/2021\\\/12\\\/Logoschwarz.png\",\"contentUrl\":\"https:\\\/\\\/gestuet-auchtert.de\\\/wp-content\\\/uploads\\\/2021\\\/12\\\/Logoschwarz.png\",\"width\":500,\"height\":390,\"caption\":\"Gest\u00fct Auchtert\"},\"image\":{\"@id\":\"https:\\\/\\\/gestuet-auchtert.de\\\/#\\\/schema\\\/logo\\\/image\\\/\"},\"sameAs\":[\"https:\\\/\\\/www.facebook.com\\\/hestarkeppni\",\"https:\\\/\\\/www.instagram.com\\\/gestuetauchtert\"]}]}<\/script>\n<!-- \/ Yoast SEO plugin. -->","yoast_head_json":{"title":"Team","description":"Das Team vom Gest\u00fct Auchtert stellt sich vor.","robots":{"index":"index","follow":"follow","max-snippet":"max-snippet:-1","max-image-preview":"max-image-preview:large","max-video-preview":"max-video-preview:-1"},"canonical":"https:\/\/gestuet-auchtert.de\/?page_id=139","og_locale":"de_DE","og_type":"article","og_title":"Team","og_description":"Das Team vom Gest\u00fct Auchtert stellt sich vor.","og_url":"https:\/\/gestuet-auchtert.de\/?page_id=139","article_publisher":"https:\/\/www.facebook.com\/hestarkeppni","article_modified_time":"2026-04-12T06:39:05+00:00","og_image":[{"width":839,"height":312,"url":"https:\/\/gestuet-auchtert.de\/wp-content\/uploads\/2022\/01\/teamauchtert.png","type":"image\/png"}],"twitter_card":"summary_large_image","twitter_misc":{"Gesch\u00e4tzte Lesezeit":"7\u00a0Minuten"},"schema":{"@context":"https:\/\/schema.org","@graph":[{"@type":"WebPage","@id":"https:\/\/gestuet-auchtert.de\/?page_id=139","url":"https:\/\/gestuet-auchtert.de\/?page_id=139","name":"Team","isPartOf":{"@id":"https:\/\/gestuet-auchtert.de\/#website"},"primaryImageOfPage":{"@id":"https:\/\/gestuet-auchtert.de\/?page_id=139#primaryimage"},"image":{"@id":"https:\/\/gestuet-auchtert.de\/?page_id=139#primaryimage"},"thumbnailUrl":"http:\/\/gestuet-auchtert.de\/wp-content\/uploads\/2022\/01\/teamauchtert.png","datePublished":"2022-01-03T10:48:11+00:00","dateModified":"2026-04-12T06:39:05+00:00","description":"Das Team vom Gest\u00fct Auchtert stellt sich vor.","breadcrumb":{"@id":"https:\/\/gestuet-auchtert.de\/?page_id=139#breadcrumb"},"inLanguage":"de","potentialAction":[{"@type":"ReadAction","target":["https:\/\/gestuet-auchtert.de\/?page_id=139"]}]},{"@type":"ImageObject","inLanguage":"de","@id":"https:\/\/gestuet-auchtert.de\/?page_id=139#primaryimage","url":"https:\/\/gestuet-auchtert.de\/wp-content\/uploads\/2022\/01\/teamauchtert.png","contentUrl":"https:\/\/gestuet-auchtert.de\/wp-content\/uploads\/2022\/01\/teamauchtert.png","width":839,"height":312},{"@type":"BreadcrumbList","@id":"https:\/\/gestuet-auchtert.de\/?page_id=139#breadcrumb","itemListElement":[{"@type":"ListItem","position":1,"name":"Startseite","item":"https:\/\/gestuet-auchtert.de\/"},{"@type":"ListItem","position":2,"name":"Team"}]},{"@type":"WebSite","@id":"https:\/\/gestuet-auchtert.de\/#website","url":"https:\/\/gestuet-auchtert.de\/","name":"Islandpferdegest\u00fct Auchtert","description":"","publisher":{"@id":"https:\/\/gestuet-auchtert.de\/#organization"},"alternateName":"Gest\u00fct Auchtert","potentialAction":[{"@type":"SearchAction","target":{"@type":"EntryPoint","urlTemplate":"https:\/\/gestuet-auchtert.de\/?s={search_term_string}"},"query-input":{"@type":"PropertyValueSpecification","valueRequired":true,"valueName":"search_term_string"}}],"inLanguage":"de"},{"@type":"Organization","@id":"https:\/\/gestuet-auchtert.de\/#organization","name":"Gest\u00fct Auchtert","url":"https:\/\/gestuet-auchtert.de\/","logo":{"@type":"ImageObject","inLanguage":"de","@id":"https:\/\/gestuet-auchtert.de\/#\/schema\/logo\/image\/","url":"https:\/\/gestuet-auchtert.de\/wp-content\/uploads\/2021\/12\/Logoschwarz.png","contentUrl":"https:\/\/gestuet-auchtert.de\/wp-content\/uploads\/2021\/12\/Logoschwarz.png","width":500,"height":390,"caption":"Gest\u00fct Auchtert"},"image":{"@id":"https:\/\/gestuet-auchtert.de\/#\/schema\/logo\/image\/"},"sameAs":["https:\/\/www.facebook.com\/hestarkeppni","https:\/\/www.instagram.com\/gestuetauchtert"]}]}},"_links":{"self":[{"href":"https:\/\/gestuet-auchtert.de\/index.php?rest_route=\/wp\/v2\/pages\/139","targetHints":{"allow":["GET"]}}],"collection":[{"href":"https:\/\/gestuet-auchtert.de\/index.php?rest_route=\/wp\/v2\/pages"}],"about":[{"href":"https:\/\/gestuet-auchtert.de\/index.php?rest_route=\/wp\/v2\/types\/page"}],"author":[{"embeddable":true,"href":"https:\/\/gestuet-auchtert.de\/index.php?rest_route=\/wp\/v2\/users\/2"}],"replies":[{"embeddable":true,"href":"https:\/\/gestuet-auchtert.de\/index.php?rest_route=%2Fwp%2Fv2%2Fcomments&post=139"}],"version-history":[{"count":16,"href":"https:\/\/gestuet-auchtert.de\/index.php?rest_route=\/wp\/v2\/pages\/139\/revisions"}],"predecessor-version":[{"id":2857,"href":"https:\/\/gestuet-auchtert.de\/index.php?rest_route=\/wp\/v2\/pages\/139\/revisions\/2857"}],"wp:attachment":[{"href":"https:\/\/gestuet-auchtert.de\/index.php?rest_route=%2Fwp%2Fv2%2Fmedia&parent=139"}],"curies":[{"name":"wp","href":"https:\/\/api.w.org\/{rel}","templated":true}]}}